{"id":3248,"date":"2019-10-23T21:39:53","date_gmt":"2019-10-23T19:39:53","guid":{"rendered":"http:\/\/www.intravel.es\/?page_id=3248"},"modified":"2019-10-23T21:39:53","modified_gmt":"2019-10-23T19:39:53","slug":"legal-notice","status":"publish","type":"page","link":"https:\/\/www.intravel.es\/en\/legal-notice\/","title":{"rendered":"Legal notice"},"content":{"rendered":"<p>[et_pb_section bb_built=&#8221;1&#8243; fullwidth=&#8221;on&#8221; specialty=&#8221;off&#8221; next_background_color=&#8221;#ffffff&#8221; _builder_version=&#8221;3.9&#8243; background_image=&#8221;http:\/\/www.intravel.es\/wp-content\/uploads\/2018\/07\/primary-banner-01.jpg&#8221; module_class=&#8221;banner-principal&#8221;][\/et_pb_section][et_pb_section bb_built=&#8221;1&#8243; next_background_color=&#8221;#000000&#8243; _builder_version=&#8221;3.9&#8243; custom_margin=&#8221;||0px|&#8221; custom_margin_last_edited=&#8221;on|desktop&#8221; custom_css_main_element=&#8221;max-width:1038px&#8221; custom_padding=&#8221;30px||0px|&#8221; module_class=&#8221;section-one&#8221; prev_background_color=&#8221;#000000&#8243;][et_pb_row _builder_version=&#8221;3.9&#8243; background_size=&#8221;initial&#8221; background_position=&#8221;bottom_left&#8221; background_repeat=&#8221;repeat-x&#8221; module_class=&#8221;builder-title-wrapper&#8221;][et_pb_column type=&#8221;4_4&#8243;][et_pb_text admin_label=&#8221;Texto &#8211; breadcrumb&#8221; _builder_version=&#8221;3.19.10&#8243; custom_margin=&#8221;||0px|&#8221;]<\/p>\n<nav aria-label=\"breadcrumbs\">\n            <div class=\"breadcrumb-container theme1\">\n                <ol>\n                    <li><a title=\"Estas en:\" href=\"#\"><span>Estas en:<\/span><\/a><span class=\"separator\"><\/span><\/li>\n                    <\/ol>\n            <\/div>\n        <\/nav>    <script type=\"application\/ld+json\">\n        {\n            \"@context\": \"http:\/\/schema.org\",\n            \"@type\": \"BreadcrumbList\",\n            \"itemListElement\": [\n                 {\n                            \"@type\": \"ListItem\",\n                            \"position\": 1,\n                            \"item\": {\n                                \"@id\": \"#\",\n                                \"name\": \"Estas en:\"\n                            }\n                        }\n                                                    ]\n        }\n    <\/script>\n    <style type=\"text\/css\">\n        .breadcrumb-container {\n            font-size: 13px;\n        }\n\n        .breadcrumb-container ul {\n            margin: 0;\n            padding: 0;\n        }\n\n        .breadcrumb-container li {\n            box-sizing: unset;\n            display: inline-block;\n            margin: 0;\n            padding: 0;\n        }\n\n        .breadcrumb-container li a {\n            box-sizing: unset;\n            padding: 0 10px;\n        }\n\n        .breadcrumb-container {\n                    }\n\n        .breadcrumb-container li a {\n            color: #fa5b0f !important;\n                    }\n\n        .breadcrumb-container li .separator {\n                    }\n\n        .breadcrumb-container li:last-child .separator {\n            display: none;\n        }\n    <\/style>\n    <style type=\"text\/css\">\n        .breadcrumb-container.theme1 li {\n            margin: 0;\n            padding: 0;\n        }\n        .breadcrumb-container.theme1 a {\n            background: ;\n            display: inline-block;\n            margin: 0 5px;\n            padding: 5px 10px;\n            text-decoration: none;\n        }\n    <\/style>\n        <style type=\"text\/css\">\n        .breadcrumb-container{}\r\n.breadcrumb-container ul{}\r\n.breadcrumb-container li{}\r\n.breadcrumb-container a{}\r\n.breadcrumb-container .separator{}\r\n    <\/style>\n    <script>\n            <\/script>\n\n<p>[\/et_pb_text][et_pb_text admin_label=&#8221;Texto &#8211; Titulo de pagina&#8221; _builder_version=&#8221;3.19.10&#8243;]<\/p>\n<h1 class=\"page-title\">Legal notice<\/h1>\n<p>[\/et_pb_text][\/et_pb_column][\/et_pb_row][et_pb_row][et_pb_column type=&#8221;4_4&#8243;][et_pb_text admin_label=&#8221;Texto &#8211; Proteccion de datos&#8221; _builder_version=&#8221;3.19.10&#8243;]<\/p>\n<div class=\"field field-name-body field-type-text-with-summary field-label-hidden\">\n<div class=\"field-items\">\n<div class=\"field-item even\">\n<ul>\n<li>\n<p>En cumplimiento de la Ley 34\/2002, de 11 de julio, de Servicios de la Sociedad de la Informaci\u00f3n y del Comercio Electr\u00f3nico le comunicamos la siguiente informaci\u00f3n:<\/p>\n<p>Titular de este sitio:<br \/>Iscar Travel Services, S.L.<br \/>Calle Lorenzo Solano Tendero, 8-1\u00aa<br \/>28043 Madrid &#8211; Spain<br \/>Tel.+34 91 716 19 74<br \/>Fax +34 91 759 11 51<br \/>e-mail:\u00a0<a href=\"https:\/\/web.archive.org\/web\/20180812051713\/mailto:administracion@intravel.es\">administracion@intravel.es<\/a>\u00a0<br \/>CIF: B 86197076<\/p>\n<p><em><strong>Iscar Travel Services, S.L.<\/strong><\/em>\u00a0pone esta web a disposici\u00f3n de los usuarios de Internet con el fin de proporcionar informaci\u00f3n sobre los servicios ofrecidos por ella.<\/p>\n<p>Este sitio web ha sido creado por\u00a0<em><strong>Iscar Travel Services, S.L.<\/strong><\/em>\u00a0con car\u00e1cter informativo y para uso personal de los usuarios. A trav\u00e9s de este Aviso Legal, se pretende regular el acceso y uso de este sitio web, as\u00ed como la relaci\u00f3n entre el sitio web y sus usuarios. Accediendo a este sitio web se aceptan los siguientes t\u00e9rminos y condiciones. El acceso a este sitio web es responsabilidad exclusiva de los usuarios.<\/p>\n<p>El simple acceso a este sitio web no supone entablar ning\u00fan tipo de relaci\u00f3n comercial entre\u00a0<em><strong>Iscar Travel Services, S.L.<\/strong><\/em>\u00a0y el usuario.<\/p>\n<p>Los criterios seguidos por\u00a0<em><strong>Iscar Travel Services, S.L.<\/strong><\/em>\u00a0respecto a la utilizaci\u00f3n de los datos personales facilitados libre y voluntariamente por los usuarios son los que se mencionan en su Pol\u00edtica de Privacidad.\u00a0<\/p>\n<p><em><strong>Iscar Travel Services, S.L.<\/strong><\/em>\u00a0podr\u00e1 efectuar, en cualquier momento y sin necesidad de previo aviso, modificaciones y actualizaciones sobre la informaci\u00f3n contenida en este sitio web o en su configuraci\u00f3n o presentaci\u00f3n. En consecuencia, no garantiza la plena eficacia de su p\u00e1gina web ni la inexistencia de algunos errores. Se compromete a modificar su sitio web cuando las circunstancias t\u00e9cnicas, organizativas lo estimen oportuno y en la mayor brevedad posible. De igual modo, el titular del sitio web puede ofrecer servicios o productos que podr\u00e1n encontrarse sometidos a unas condiciones particulares propias que, seg\u00fan los casos, sustituyan, completen y\/o modifiquen las presentes condiciones, y sobre las cuales se informar\u00e1 al usuario en cada caso concreto.<\/p>\n<p>Del mismo modo, el titular de este sitio web no se responsabiliza de los da\u00f1os directos o indirectos que puedan derivarse del uso de la p\u00e1gina web o sus contenidos. Tampoco se hace responsable de los da\u00f1os inform\u00e1ticos que pudieran ocasionar al usuario visitante el acceso a los contenidos de este sitio. No controla ni garantiza la ausencia de virus ni de otros elementos en los contenidos que puedan producir alteraciones en su sistema inform\u00e1tico (software y hardware) o en los documentos electr\u00f3nicos y ficheros almacenados en su sistema inform\u00e1tico.\u00a0<\/p>\n<p>El usuario se compromete a utilizar el web y sus contenidos correctamente. Queda prohibido el uso de la p\u00e1gina web con fines il\u00edcitos o lesivos contra la empresa o cualquier tercero, o aquellos que puedan causar perjuicio o impedir el normal funcionamiento del web. Si contraviene la legislaci\u00f3n vigente, la buena fe, usos, costumbres o el orden p\u00fablico el usuario ser\u00e1 el responsable.<\/p>\n<p>Todo enlace de terceros a este sitio web debe serlo a su p\u00e1gina principal, quedando expresamente prohibido cualquier otro aprovechamiento de los contenidos del sitio web a favor de terceros, si no est\u00e1 autorizado.<\/p>\n<p>La funci\u00f3n de los v\u00ednculos o enlaces que desde esta p\u00e1gina se establecen a otros sitios web no implica que\u00a0<em><strong>Iscar Travel Services, S.L.<\/strong><\/em>\u00a0promocione, avale, garantice o recomiende ese sitio web. Dichos v\u00ednculos se establecen para informar al usuario de otras fuentes de informaci\u00f3n relacionadas con la materia.<em><strong>Iscar Travel<\/strong><\/em><em><strong>\u00a0Services, S.L.<\/strong><\/em>\u00a0no ejerce control alguno sobre dichos sitios web, ni es responsable del contenido de los mismos.<\/p>\n<p>Todos los contenidos que se muestran en este sitio web y en especial, dise\u00f1os, textos, logos, marcas, botones o cualesquiera otros signos susceptibles de utilizaci\u00f3n industrial y comercial est\u00e1n sujetos a derechos de propiedad intelectual e industrial de\u00a0<em><strong>Iscar Travel Services, S.L.<\/strong><\/em>\u00a0o de terceros.<\/p>\n<p>En caso de que quiera formular alguna sugerencia o comentario puede contactar con nosotros a trav\u00e9s del correo electr\u00f3nico indicado.<\/p>\n<\/li>\n<\/ul>\n<\/div>\n<\/div>\n<\/div>\n<p>[\/et_pb_text][et_pb_text _builder_version=&#8221;3.19.10&#8243; module_class=&#8221;rrss-icon-modulo&#8221;]<\/p>\n<div class=\"et_social_networks et_social_autowidth et_social_slide et_social_rectangle et_social_left et_social_mobile_on et_social_outer_dark\">\n\t\t\t\t\t\n\t\t\t\t\t\n\t\t\t\t\t<ul class=\"et_social_icons_container\"><li class=\"et_social_facebook\">\n\t\t\t\t\t\t<a href=\"https:\/\/www.facebook.com\/InTravelIncoming\" class=\"et_social_follow\" data-social_name=\"facebook\" data-social_type=\"follow\" data-post_id=\"0\" target=\"_blank\">\n\t\t\t\t\t\t\t<i class=\"et_social_icon et_social_icon_facebook\"><\/i>\n\t\t\t\t\t\t\t\n\t\t\t\t\t\t\t<span class=\"et_social_overlay\"><\/span>\n\t\t\t\t\t\t<\/a>\n\t\t\t\t\t<\/li><li class=\"et_social_twitter\">\n\t\t\t\t\t\t<a href=\"https:\/\/twitter.com\/intraveloficial\" class=\"et_social_follow\" data-social_name=\"twitter\" data-social_type=\"follow\" data-post_id=\"0\" target=\"_blank\">\n\t\t\t\t\t\t\t<i class=\"et_social_icon et_social_icon_twitter\"><\/i>\n\t\t\t\t\t\t\t\n\t\t\t\t\t\t\t<span class=\"et_social_overlay\"><\/span>\n\t\t\t\t\t\t<\/a>\n\t\t\t\t\t<\/li><li class=\"et_social_linkedin\">\n\t\t\t\t\t\t<a href=\"https:\/\/www.linkedin.com\/company\/in-travel\" class=\"et_social_follow\" data-social_name=\"linkedin\" data-social_type=\"follow\" data-post_id=\"0\" target=\"_blank\">\n\t\t\t\t\t\t\t<i class=\"et_social_icon et_social_icon_linkedin\"><\/i>\n\t\t\t\t\t\t\t\n\t\t\t\t\t\t\t<span class=\"et_social_overlay\"><\/span>\n\t\t\t\t\t\t<\/a>\n\t\t\t\t\t<\/li><li class=\"et_social_instagram\">\n\t\t\t\t\t\t<a href=\"https:\/\/www.instagram.com\/intravel.iscar\/\" class=\"et_social_follow\" data-social_name=\"instagram\" data-social_type=\"follow\" data-post_id=\"0\" target=\"_blank\">\n\t\t\t\t\t\t\t<i class=\"et_social_icon et_social_icon_instagram\"><\/i>\n\t\t\t\t\t\t\t\n\t\t\t\t\t\t\t<span class=\"et_social_overlay\"><\/span>\n\t\t\t\t\t\t<\/a>\n\t\t\t\t\t<\/li><\/ul>\n\t\t\t\t<\/div>\n<p>[\/et_pb_text][\/et_pb_column][\/et_pb_row][\/et_pb_section][et_pb_section bb_built=&#8221;1&#8243; fullwidth=&#8221;off&#8221; specialty=&#8221;off&#8221; prev_background_color=&#8221;#000000&#8243;][et_pb_row][et_pb_column type=&#8221;4_4&#8243;][et_pb_image _builder_version=&#8221;3.9&#8243; src=&#8221;http:\/\/www.intravel.es\/wp-content\/uploads\/2018\/07\/fondo_pie.png&#8221; \/][\/et_pb_column][\/et_pb_row][\/et_pb_section]<\/p>\n","protected":false},"excerpt":{"rendered":"<p><nav aria-label=\"breadcrumbs\">\n            <div class=\"breadcrumb-container theme1\">\n                <ol>\n                    <li><a title=\"Estas en:\" href=\"#\"><span>Estas en:<\/span><\/a><span class=\"separator\"><\/span><\/li>\n                    <\/ol>\n            <\/div>\n        <\/nav>    <script type=\"application\/ld+json\">\n        {\n            \"@context\": \"http:\/\/schema.org\",\n            \"@type\": \"BreadcrumbList\",\n            \"itemListElement\": [\n                 {\n                            \"@type\": \"ListItem\",\n                            \"position\": 1,\n                            \"item\": {\n                                \"@id\": \"#\",\n                                \"name\": \"Estas en:\"\n                            }\n                        }\n                                                    ]\n        }\n    <\/script>\n    <style type=\"text\/css\">\n        .breadcrumb-container {\n            font-size: 13px;\n        }\n\n        .breadcrumb-container ul {\n            margin: 0;\n            padding: 0;\n        }\n\n        .breadcrumb-container li {\n            box-sizing: unset;\n            display: inline-block;\n            margin: 0;\n            padding: 0;\n        }\n\n        .breadcrumb-container li a {\n            box-sizing: unset;\n            padding: 0 10px;\n        }\n\n        .breadcrumb-container {\n                    }\n\n        .breadcrumb-container li a {\n            color: #fa5b0f !important;\n                    }\n\n        .breadcrumb-container li .separator {\n                    }\n\n        .breadcrumb-container li:last-child .separator {\n            display: none;\n        }\n    <\/style>\n    <style type=\"text\/css\">\n        .breadcrumb-container.theme1 li {\n            margin: 0;\n            padding: 0;\n        }\n        .breadcrumb-container.theme1 a {\n            background: ;\n            display: inline-block;\n            margin: 0 5px;\n            padding: 5px 10px;\n            text-decoration: none;\n        }\n    <\/style>\n        <style type=\"text\/css\">\n        .breadcrumb-container{}\r\n.breadcrumb-container ul{}\r\n.breadcrumb-container li{}\r\n.breadcrumb-container a{}\r\n.breadcrumb-container .separator{}\r\n    <\/style>\n    <script>\n            <\/script>\n Legal notice <div class=\"et_pb_row et_pb_row_0 et_pb_row_empty\">\n\t\t\t\t\n\t\t\t\t\n\t\t\t\t\n\t\t\t\t\n\t\t\t\t\n\t\t\t<\/div> En cumplimiento de la Ley 34\/2002, de 11 de julio, de Servicios de la Sociedad de la Informaci\u00f3n y del Comercio Electr\u00f3nico le comunicamos la siguiente informaci\u00f3n:Titular de este sitio:Iscar Travel Services, S.L.Calle Lorenzo Solano Tendero, 8-1\u00aa28043 Madrid &#8211; SpainTel.+34 91 716 19 74Fax +34 91 759 11 51e-mail:\u00a0administracion@intravel.es\u00a0CIF: B 86197076Iscar [&hellip;]<\/p>\n","protected":false},"author":1,"featured_media":0,"parent":0,"menu_order":0,"comment_status":"closed","ping_status":"closed","template":"","meta":{"_et_pb_use_builder":"on","_et_pb_old_content":"","_et_gb_content_width":"","footnotes":""},"class_list":["post-3248","page","type-page","status-publish","hentry"],"yoast_head":"<!-- This site is optimized with the Yoast SEO plugin v26.3 - https:\/\/yoast.com\/wordpress\/plugins\/seo\/ -->\n<title>Legal notice - InTravel<\/title>\n<meta name=\"robots\" content=\"index, follow, max-snippet:-1, max-image-preview:large, max-video-preview:-1\" \/>\n<link rel=\"canonical\" href=\"https:\/\/www.intravel.es\/en\/legal-notice\/\" \/>\n<meta property=\"og:locale\" content=\"en_US\" \/>\n<meta property=\"og:type\" content=\"article\" \/>\n<meta property=\"og:title\" content=\"Legal notice - InTravel\" \/>\n<meta property=\"og:description\" content=\"Legal notice En cumplimiento de la Ley 34\/2002, de 11 de julio, de Servicios de la Sociedad de la Informaci\u00f3n y del Comercio Electr\u00f3nico le comunicamos la siguiente informaci\u00f3n:Titular de este sitio:Iscar Travel Services, S.L.Calle Lorenzo Solano Tendero, 8-1\u00aa28043 Madrid - SpainTel.+34 91 716 19 74Fax +34 91 759 11 51e-mail:\u00a0administracion@intravel.es\u00a0CIF: B 86197076Iscar [&hellip;]\" \/>\n<meta property=\"og:url\" content=\"https:\/\/www.intravel.es\/en\/legal-notice\/\" \/>\n<meta property=\"og:site_name\" content=\"InTravel\" \/>\n<meta property=\"article:publisher\" content=\"https:\/\/www.facebook.com\/InTravelIncoming\" \/>\n<meta name=\"twitter:card\" content=\"summary_large_image\" \/>\n<meta name=\"twitter:site\" content=\"@InTravelOficial\" \/>\n<meta name=\"twitter:label1\" content=\"Est. reading time\" \/>\n\t<meta name=\"twitter:data1\" content=\"5 minutes\" \/>\n<script type=\"application\/ld+json\" class=\"yoast-schema-graph\">{\"@context\":\"https:\/\/schema.org\",\"@graph\":[{\"@type\":\"WebPage\",\"@id\":\"https:\/\/www.intravel.es\/en\/legal-notice\/\",\"url\":\"https:\/\/www.intravel.es\/en\/legal-notice\/\",\"name\":\"Legal notice - InTravel\",\"isPartOf\":{\"@id\":\"http:\/\/www.intravel.es\/#website\"},\"datePublished\":\"2019-10-23T19:39:53+00:00\",\"breadcrumb\":{\"@id\":\"https:\/\/www.intravel.es\/en\/legal-notice\/#breadcrumb\"},\"inLanguage\":\"en-US\",\"potentialAction\":[{\"@type\":\"ReadAction\",\"target\":[\"https:\/\/www.intravel.es\/en\/legal-notice\/\"]}]},{\"@type\":\"BreadcrumbList\",\"@id\":\"https:\/\/www.intravel.es\/en\/legal-notice\/#breadcrumb\",\"itemListElement\":[{\"@type\":\"ListItem\",\"position\":1,\"name\":\"Portada\",\"item\":\"http:\/\/www.intravel.es\/en\/\"},{\"@type\":\"ListItem\",\"position\":2,\"name\":\"Legal notice\"}]},{\"@type\":\"WebSite\",\"@id\":\"http:\/\/www.intravel.es\/#website\",\"url\":\"http:\/\/www.intravel.es\/\",\"name\":\"InTravel\",\"description\":\"Touroperador receptivo en Espa\u00f1a y Portugal\",\"publisher\":{\"@id\":\"http:\/\/www.intravel.es\/#organization\"},\"potentialAction\":[{\"@type\":\"SearchAction\",\"target\":{\"@type\":\"EntryPoint\",\"urlTemplate\":\"http:\/\/www.intravel.es\/?s={search_term_string}\"},\"query-input\":{\"@type\":\"PropertyValueSpecification\",\"valueRequired\":true,\"valueName\":\"search_term_string\"}}],\"inLanguage\":\"en-US\"},{\"@type\":\"Organization\",\"@id\":\"http:\/\/www.intravel.es\/#organization\",\"name\":\"InTravel\",\"url\":\"http:\/\/www.intravel.es\/\",\"logo\":{\"@type\":\"ImageObject\",\"inLanguage\":\"en-US\",\"@id\":\"http:\/\/www.intravel.es\/#\/schema\/logo\/image\/\",\"url\":\"https:\/\/www.intravel.es\/wp-content\/uploads\/2018\/07\/logo.png\",\"contentUrl\":\"https:\/\/www.intravel.es\/wp-content\/uploads\/2018\/07\/logo.png\",\"width\":195,\"height\":50,\"caption\":\"InTravel\"},\"image\":{\"@id\":\"http:\/\/www.intravel.es\/#\/schema\/logo\/image\/\"},\"sameAs\":[\"https:\/\/www.facebook.com\/InTravelIncoming\",\"https:\/\/x.com\/InTravelOficial\",\"https:\/\/www.instagram.com\/intravel.iscar\",\"https:\/\/www.linkedin.com\/company\/in-travel\"]}]}<\/script>\n<!-- \/ Yoast SEO plugin. -->","yoast_head_json":{"title":"Legal notice - InTravel","robots":{"index":"index","follow":"follow","max-snippet":"max-snippet:-1","max-image-preview":"max-image-preview:large","max-video-preview":"max-video-preview:-1"},"canonical":"https:\/\/www.intravel.es\/en\/legal-notice\/","og_locale":"en_US","og_type":"article","og_title":"Legal notice - InTravel","og_description":"Legal notice En cumplimiento de la Ley 34\/2002, de 11 de julio, de Servicios de la Sociedad de la Informaci\u00f3n y del Comercio Electr\u00f3nico le comunicamos la siguiente informaci\u00f3n:Titular de este sitio:Iscar Travel Services, S.L.Calle Lorenzo Solano Tendero, 8-1\u00aa28043 Madrid - SpainTel.+34 91 716 19 74Fax +34 91 759 11 51e-mail:\u00a0administracion@intravel.es\u00a0CIF: B 86197076Iscar [&hellip;]","og_url":"https:\/\/www.intravel.es\/en\/legal-notice\/","og_site_name":"InTravel","article_publisher":"https:\/\/www.facebook.com\/InTravelIncoming","twitter_card":"summary_large_image","twitter_site":"@InTravelOficial","twitter_misc":{"Est. reading time":"5 minutes"},"schema":{"@context":"https:\/\/schema.org","@graph":[{"@type":"WebPage","@id":"https:\/\/www.intravel.es\/en\/legal-notice\/","url":"https:\/\/www.intravel.es\/en\/legal-notice\/","name":"Legal notice - InTravel","isPartOf":{"@id":"http:\/\/www.intravel.es\/#website"},"datePublished":"2019-10-23T19:39:53+00:00","breadcrumb":{"@id":"https:\/\/www.intravel.es\/en\/legal-notice\/#breadcrumb"},"inLanguage":"en-US","potentialAction":[{"@type":"ReadAction","target":["https:\/\/www.intravel.es\/en\/legal-notice\/"]}]},{"@type":"BreadcrumbList","@id":"https:\/\/www.intravel.es\/en\/legal-notice\/#breadcrumb","itemListElement":[{"@type":"ListItem","position":1,"name":"Portada","item":"http:\/\/www.intravel.es\/en\/"},{"@type":"ListItem","position":2,"name":"Legal notice"}]},{"@type":"WebSite","@id":"http:\/\/www.intravel.es\/#website","url":"http:\/\/www.intravel.es\/","name":"InTravel","description":"Touroperador receptivo en Espa\u00f1a y Portugal","publisher":{"@id":"http:\/\/www.intravel.es\/#organization"},"potentialAction":[{"@type":"SearchAction","target":{"@type":"EntryPoint","urlTemplate":"http:\/\/www.intravel.es\/?s={search_term_string}"},"query-input":{"@type":"PropertyValueSpecification","valueRequired":true,"valueName":"search_term_string"}}],"inLanguage":"en-US"},{"@type":"Organization","@id":"http:\/\/www.intravel.es\/#organization","name":"InTravel","url":"http:\/\/www.intravel.es\/","logo":{"@type":"ImageObject","inLanguage":"en-US","@id":"http:\/\/www.intravel.es\/#\/schema\/logo\/image\/","url":"https:\/\/www.intravel.es\/wp-content\/uploads\/2018\/07\/logo.png","contentUrl":"https:\/\/www.intravel.es\/wp-content\/uploads\/2018\/07\/logo.png","width":195,"height":50,"caption":"InTravel"},"image":{"@id":"http:\/\/www.intravel.es\/#\/schema\/logo\/image\/"},"sameAs":["https:\/\/www.facebook.com\/InTravelIncoming","https:\/\/x.com\/InTravelOficial","https:\/\/www.instagram.com\/intravel.iscar","https:\/\/www.linkedin.com\/company\/in-travel"]}]}},"_links":{"self":[{"href":"https:\/\/www.intravel.es\/en\/wp-json\/wp\/v2\/pages\/3248","targetHints":{"allow":["GET"]}}],"collection":[{"href":"https:\/\/www.intravel.es\/en\/wp-json\/wp\/v2\/pages"}],"about":[{"href":"https:\/\/www.intravel.es\/en\/wp-json\/wp\/v2\/types\/page"}],"author":[{"embeddable":true,"href":"https:\/\/www.intravel.es\/en\/wp-json\/wp\/v2\/users\/1"}],"replies":[{"embeddable":true,"href":"https:\/\/www.intravel.es\/en\/wp-json\/wp\/v2\/comments?post=3248"}],"version-history":[{"count":1,"href":"https:\/\/www.intravel.es\/en\/wp-json\/wp\/v2\/pages\/3248\/revisions"}],"predecessor-version":[{"id":3250,"href":"https:\/\/www.intravel.es\/en\/wp-json\/wp\/v2\/pages\/3248\/revisions\/3250"}],"wp:attachment":[{"href":"https:\/\/www.intravel.es\/en\/wp-json\/wp\/v2\/media?parent=3248"}],"curies":[{"name":"wp","href":"https:\/\/api.w.org\/{rel}","templated":true}]}}